{"id":1706,"date":"2019-11-15T22:40:48","date_gmt":"2019-11-15T21:40:48","guid":{"rendered":"http:\/\/www.sfpt.fr\/hyperspectral\/?page_id=1706"},"modified":"2019-11-15T22:40:48","modified_gmt":"2019-11-15T21:40:48","slug":"montpellier-2018-programme-presentations","status":"publish","type":"page","link":"https:\/\/www.sfpt.fr\/hyperspectral\/?page_id=1706","title":{"rendered":"Montpellier 2018: Programme &#038; pr\u00e9sentations"},"content":{"rendered":"\n<p>Vous trouverez ci-dessous le programme ainsi que les pr\u00e9sentations orales et les posters pr\u00e9sent\u00e9s lors du colloque. Vous pouvez \u00e9galement t\u00e9l\u00e9charger ici :<\/p>\n<ul>\n<li><a href=\"http:\/\/www.sfpt.fr\/hyperspectral\/wp-content\/uploads\/2018\/01\/SFPT-GH-2017-ActesColloque.pdf\">les actes du colloque<\/a><\/li>\n<li><a href=\"http:\/\/www.sfpt.fr\/hyperspectral\/wp-content\/uploads\/2019\/11\/SFPT_GH_2018_Montpellier_Bilan.pdf\">le bilan du colloque<\/a><\/li>\n<\/ul>\n<p>\u00a0<\/p>\n<p><strong>JEUDI 17 MAI 2018<\/strong><\/p>\n<p><strong>INTRODUCTION \u2013 INFORMATIONS<\/strong><\/p>\n<p>08:30 <strong>ACCUEIL<\/strong><\/p>\n<p>08:45 <strong>Ouverture de la conf\u00e9rence<\/strong><\/p>\n<p>09:00 <strong>Pr\u00e9sentation du Groupe Hyperspectral de la SFPT et du PNTS, <\/strong>Jean-Baptiste F\u00e9ret \u2013 TETIS (Montpellier), Audrey Minghelli (LSIS\/Univ. Toulon)<\/p>\n<p>\u00a0<\/p>\n<p style=\"text-align: center;\"><strong><span style=\"color: #ff0000;\">Session 1 (09:15 \u2013 10:35) Th\u00e9matique : Atmosph\u00e8re<\/span><br \/><br \/><\/strong><span class=\"fontstyle0\">Animateur de session <\/span>: Rodolphe Marion (CEA, Paris)<\/p>\n<p><strong>D\u00e9tection de gaz par filtrage adapt\u00e9 CTMF en imagerie hyperspectrale dans le domaine infrarouge thermique<\/strong> Aur\u00e9lie Qu\u00e9m\u00e9ner \u2013 CEA (Paris) <a href=\"http:\/\/www.sfpt.fr\/hyperspectral\/wp-content\/uploads\/2019\/11\/S01_Atmosphere_01_Qu\u00e9m\u00e9ner_SFPT_GH_2018.pdf\">PDF<\/a><\/p>\n<p><strong>Comparaison des m\u00e9thodes de d\u00e9tection des nuages \u00e0 partir d\u2019images hypersepctrales dasn le domaine [0.4-2.5 \u00b5m]<\/strong> Sandra Salgado\u2013 ONERA (Toulouse) <a href=\"http:\/\/www.sfpt.fr\/hyperspectral\/wp-content\/uploads\/2019\/11\/S01_Atmosphere_02_Salgado_SFPT_GH_2018.pdf\">PDF<\/a><\/p>\n<p><strong>D\u00e9tection de gaz dans un panache volcanique par imagerie hyperspectrale dans l&#8217;infrarouge (ImagEtna)<\/strong> S\u00e9bastien Payan \u2013 LATMOS (Paris) <a href=\"http:\/\/www.sfpt.fr\/hyperspectral\/wp-content\/uploads\/2019\/11\/S01_Atmosphere_03_Payan_SFPT_GH_2018.pdf\">PDF<\/a><\/p>\n<p>\u00a0<\/p>\n<p style=\"text-align: center;\"><strong><span style=\"color: #ff0000;\">Session 2 (11:00 \u2013 12:00) Technique : Du multi \u00e0 l\u2019hyper (ou l\u2019inverse)<\/span><br \/><br \/><\/strong><span class=\"fontstyle0\">Animatrice de session <\/span>: Nathalie Gorretta (IRSTEA, Montpellier)<\/p>\n<p><strong>Evaluation et correction du straylight dans la cha\u00eene op\u00e9rationnelle du spectrom\u00e8tre-imageur multispectral OLCI <\/strong>Nicolas Lamquin \u2013 ACRI-ST (Biot) <a href=\"http:\/\/www.sfpt.fr\/hyperspectral\/wp-content\/uploads\/2019\/11\/S02_Du_multi_a_lhyper_01_Lamquin_SFPT_GH_2018.pdf\">PDF<\/a><\/p>\n<p><strong>Segmentation s\u00e9mantique de peuplements forestiers \u00e0 partir d&#8217;imagerie optique et de donn\u00e9es Lidar a\u00e9roport\u00e9es : comparaison de capteurs<\/strong>\u00a0Arnaud Le Bris \u2013 IGN LaSTIG (St Mand\u00e9) <a href=\"http:\/\/www.sfpt.fr\/hyperspectral\/wp-content\/uploads\/2019\/11\/S02_Du_multi_a_lhyper_02_LeBris_SFPT_GH_2018.pdf\">PDF<\/a><\/p>\n<p><strong>Fusion de donn\u00e9es sur Sentinel-2 pour la d\u00e9tection de la neige<\/strong> Th\u00e9o Masson \u2013 GIPSA-lab (Grenoble) <a href=\"http:\/\/www.sfpt.fr\/hyperspectral\/wp-content\/uploads\/2019\/11\/S02_Du_multi_a_lhyper_03_Masson_SFPT_2018.pdf\">PDF<\/a><\/p>\n<p>\u00a0<\/p>\n<p style=\"text-align: center;\"><strong><span style=\"color: #ff0000;\">Session 3 (13:50 \u2013 14:20) Flash Poster<\/span><br \/><br \/><\/strong><span class=\"fontstyle0\">Animatrice de session <\/span>: <span class=\"fontstyle0\">Audrey Minghelli <\/span>(LSIS\/Univ. Toulon)<\/p>\n<p><strong>Une m\u00e9thode de d\u00e9m\u00e9lange non supervis\u00e9 bas\u00e9e sur la corr\u00e9lation non lin\u00e9aire des sorties pour des m\u00e9langes bilin\u00e9aires ; applications aux milieux urbains<\/strong> Andr\u00e9a Guerrero\u00a0\u2013 <a href=\"http:\/\/www.sfpt.fr\/hyperspectral\/wp-content\/uploads\/2019\/11\/S03_Flash-Poster_01_Guerrero_SFPT_GH_Poster.pdf\"> <span class=\"fontstyle0\">IRAP (Toulouse)<\/span> PDF<\/a><\/p>\n<p><strong> <span class=\"fontstyle0\">Impact de la r\u00e9solution spatiale sur des m\u00e9thodes de d\u00e9m\u00e9lange hyperspectral<\/span><\/strong> <span class=\"fontstyle0\">Simon Rebeyrol <\/span><span class=\"fontstyle2\">\u2013 ONERA\/IRAP (Toulouse)<\/span> <a href=\"http:\/\/www.sfpt.fr\/hyperspectral\/wp-content\/uploads\/2019\/11\/S03_Flash-Poster_02_Rebeyrol_SFPT_GH2018_Poster.pdf\">PDF<\/a><\/p>\n<p><strong> <span class=\"fontstyle0\">Projet HypFoM : analyse du fond marin par imagerie hyperspectrale : une approche sub-pixel ; prise en compte de mod\u00e8les du transfert radiatif pr\u00e9cis de la colonne d&#8217;eau<\/span> <\/strong><span class=\"fontstyle0\">Mireille Guillaume <\/span><span class=\"fontstyle2\">\u2013 Institut Fresnel (Marseille)<\/span> <a href=\"http:\/\/www.sfpt.fr\/hyperspectral\/wp-content\/uploads\/2019\/11\/S03_Flash-Poster_03_Guillaume_Poster-SFPT_GH2018.pdf\">PDF<\/a><\/p>\n<p><strong> <span class=\"fontstyle0\">Comparison of Tree Segmentation Schemes based on Lidar and Hyperspectral Data<\/span> <\/strong> <span class=\"fontstyle0\">Eduardo Alejandro Tusa Jumbo <\/span><span class=\"fontstyle2\">\u2013 GIPSA-lab (Grenoble)<\/span> <a href=\"http:\/\/www.sfpt.fr\/hyperspectral\/wp-content\/uploads\/2019\/11\/S03_Flash-Poster_04_Tusa_SFPT_GH2018.pdf\">PDF<\/a><\/p>\n<p><span class=\"fontstyle0\"><strong>Fusion de donn\u00e9es multispectrales multi capteurs<\/strong> Th\u00e9o Masson <span class=\"fontstyle2\">\u2013 GIPSA-lab (Grenoble)<\/span><\/span><\/p>\n<p><strong><span class=\"fontstyle0\">Methane leaks quantification from imaging Hyperspectral data <\/span><\/strong><span class=\"fontstyle0\">Pierre-Yves Foucher <\/span><span class=\"fontstyle0\"><span class=\"fontstyle2\">\u2013 ONERA (Toulouse)<\/span><\/span> <span class=\"fontstyle0\"><a href=\"http:\/\/www.sfpt.fr\/hyperspectral\/wp-content\/uploads\/2019\/11\/S03_Flash-Poster_06_Foucher_SFPT_GH2018.pdf\">PDF<\/a><\/span><\/p>\n<p style=\"text-align: center;\">\u00a0<\/p>\n<p style=\"text-align: center;\"><span style=\"color: #ff0000;\"><strong>Session 4 (14:25 \u2013 15:25) <span class=\"fontstyle0\">Th\u00e9matique : Plan\u00e9tologie<\/span><\/strong><\/span><\/p>\n<p style=\"text-align: center;\"><span class=\"fontstyle0\">Animateur de session : <\/span><span class=\"fontstyle2\">Sylvain Dout\u00e9 <span class=\"fontstyle0\">\u2013 IPAG (Grenoble)<\/span> <\/span><br \/><br \/><\/p>\n<p><strong>Calibration des donn\u00e9es spectrales Rosetta\/VIRTIS-H <\/strong><span class=\"fontstyle0\">Fran\u00e7ois Andrieu <\/span><span class=\"fontstyle2\">\u2013 LESIA (Paris)<\/span> <a href=\"http:\/\/www.sfpt.fr\/hyperspectral\/wp-content\/uploads\/2019\/11\/S04_Plan\u00e9tologie_01_Andrieu_Hyperspectral_Montpellier_17052018.pdf\">PDF<\/a><\/p>\n<p><strong> <span class=\"fontstyle0\">Enregistrement et r\u00e9f\u00e9rencement des donn\u00e9es de l&#8217;imageur haute r\u00e9solution OSIRIS, embarqu\u00e9 sur la mission ESA\/Rosetta<\/span><\/strong> <span class=\"fontstyle0\">Pedro Henrique Hasselmann <\/span><span class=\"fontstyle2\">\u2013 LESIA (Paris)<\/span><a href=\"http:\/\/www.sfpt.fr\/hyperspectral\/wp-content\/uploads\/2019\/11\/S04_Plan\u00e9tologie_02_Hasselmann_SFPT_GH2018.pdf\"> PDF<\/a><\/p>\n<p><span class=\"fontstyle0\"><strong> Hypsimars: a tool to simulate hyperspectral images for Martian 3D scenes<\/strong> Sylvain Dout\u00e9 <span class=\"fontstyle2\">\u2013 IPAG (Grenoble)<\/span> <\/span><a href=\"http:\/\/www.sfpt.fr\/hyperspectral\/wp-content\/uploads\/2019\/11\/S04_Plan\u00e9tologie_03_Dout\u00e9_SFPT-GH_HypsimMars_2018.pdf\">PDF<\/a><\/p>\n<p>\u00a0<\/p>\n<p style=\"text-align: center;\"><span style=\"color: #ff0000;\"><strong>Session 5 (15:45 \u2013 17:25) <span class=\"fontstyle0\">Technique : Avanc\u00e9es et simulations capteur<\/span><\/strong><\/span><\/p>\n<p style=\"text-align: center;\"><span class=\"fontstyle0\">Animateur de session :\u00a0<\/span><span class=\"fontstyle2\"> <span class=\"fontstyle0\">Xavier Briottet<\/span> <span class=\"fontstyle0\">\u2013 ONERA (<\/span><\/span>Toulsouse)<\/p>\n<p><span class=\"fontstyle2\"> <span class=\"fontstyle0\"><strong>HySpex Mjolnir &#8211; the first scientific grade hyperspectral cameras for UAVs<\/strong> Lukas Paluchowski \u2013 HySpex<\/span><\/span><\/p>\n<p><strong><span class=\"fontstyle0\"> Etudes pr\u00e9paratoires \u00e0 une mission hyperspectrale spatiale fran\u00e7aise <\/span><\/strong><span class=\"fontstyle0\">Marie-Jos\u00e9 Lefevre-Fonollosa <span class=\"fontstyle2\">\u2013 CNES<\/span><\/span><a href=\"http:\/\/www.sfpt.fr\/hyperspectral\/wp-content\/uploads\/2019\/11\/S05_Avancees_simulations_capteurs_02_LEFEVRE-FONOLLOSA_SFPT_GH2018.pdf\"> PDF<\/a><\/p>\n<p><span class=\"fontstyle0\"><strong>Impact de la r\u00e9solution spatiale pour l&#8217;identification d&#8217;essences foresti\u00e8res en milieu temp\u00e9r\u00e9 \u00e0 partir d&#8217;une image hyperspectrale du domaine r\u00e9flectif<\/strong> Thierry Erudel <span class=\"fontstyle2\">\u2013 DYNAFOR (Toulouse)<\/span> <\/span> <a href=\"http:\/\/www.sfpt.fr\/hyperspectral\/wp-content\/uploads\/2019\/11\/S05_Avancees_simulations_capteurs_03_Erudel_sfpt_gh_2018.pdf\">PDF<\/a><\/p>\n<p><span class=\"fontstyle0\"><strong>Reconstruction d&#8217;images hyperspectrales \u00e0 faible co\u00fbt pour un imageur pilotable \u00e0 double dispersion<\/strong> Ibrahim Ardi <span class=\"fontstyle2\">\u2013 LAAS (Toulouse)<\/span> <a href=\"http:\/\/www.sfpt.fr\/hyperspectral\/wp-content\/uploads\/2019\/11\/S05_Avancees_simulations_capteurs_04_Ardi_SFPT_GH_2018.pdf\">PDF<\/a><br \/><\/span><\/p>\n<p>\u00a0<\/p>\n<p><strong>VENDREDI 18 MAI 2018<\/strong><\/p>\n<p style=\"text-align: center;\"><span style=\"color: #ff0000;\"><strong>Session 6 (15:45 \u2013 17:25) <span class=\"fontstyle0\">Th\u00e9matique : M\u00e9thodologie<\/span><\/strong><\/span><\/p>\n<p style=\"text-align: center;\"><span class=\"fontstyle0\">Animateur de session :\u00a0<\/span> <span class=\"fontstyle0\">St\u00e9phane Jacquemoud<\/span> IPGP (Paris)<\/p>\n<p><strong> <span class=\"fontstyle0\">Am\u00e9lioration du mod\u00e8le MARMIT de simulation d&#8217;un spectre de r\u00e9flectance de sol<br \/>en fonction de sa teneur en eau<\/span><\/strong><span class=\"fontstyle2\"><span class=\"fontstyle0\"> Aur\u00e9lien Bablet \u2013 IPGP\/ONERA (Paris) <a href=\"http:\/\/www.sfpt.fr\/hyperspectral\/wp-content\/uploads\/2019\/11\/S06_Methodo_01_Bablet_SFPT-GH_2018.pdf\">PDF<\/a><\/span><\/span><\/p>\n<p><strong><span class=\"fontstyle0\">An NMF-based unmixing method with known spectra of photovoltaic panels for their detection and area estimation from urban hyperspectral remote sensing data<\/span><\/strong> <span class=\"fontstyle0\">Moussa Sofiane Karoui <\/span><span class=\"fontstyle2\">\u2013 Centre des Techniques Spatiales (Alger) <\/span><\/p>\n<p><strong> <span class=\"fontstyle0\">D\u00e9tection\/identification de min\u00e9raux industriels par imagerie hyperspectrale VNIR\/SWIR &#8211; Apport de la transform\u00e9e en ondelettes continue pour l&#8217;initialisation<br \/>de l&#8217;algorithme AGM<\/span><\/strong> <span class=\"fontstyle0\">Ronan Rialland <\/span><span class=\"fontstyle2\">\u2013 <\/span><span class=\"fontstyle2\">CEA<\/span> <span class=\"fontstyle2\"><span class=\"fontstyle0\"><a href=\"http:\/\/www.sfpt.fr\/hyperspectral\/wp-content\/uploads\/2019\/11\/S06_Methodo_03_Rialland_SFPT_GH2018.pdf\">PDF<\/a><\/span><\/span><br \/><br \/><\/p>\n<p style=\"text-align: center;\"><span style=\"color: #ff0000;\"><strong>Session 7 (10:20 \u2013 12:00) <span class=\"fontstyle0\">Th\u00e9matique : V\u00e9g\u00e9tation<\/span><\/strong><\/span><\/p>\n<p style=\"text-align: center;\"><span class=\"fontstyle0\">Animateur de session :\u00a0<\/span> <span class=\"fontstyle0\">Martin Ecarnot INRA <\/span>(Montpellier)<\/p>\n<p><strong> <span class=\"fontstyle0\">Pr\u00e9diction des services \u00e9cosyst\u00e9miques dans les paysages agricoles par t\u00e9l\u00e9d\u00e9tection hyperspectrale<\/span> <\/strong><span class=\"fontstyle0\">Mathieu Fauvel <\/span><span class=\"fontstyle2\">\u2013 ENSAT (Toulouse)<\/span> <span class=\"fontstyle2\"><span class=\"fontstyle0\"><a href=\"http:\/\/www.sfpt.fr\/hyperspectral\/wp-content\/uploads\/2019\/11\/S07_Vegetation_01_Fauvel_SFPT_GH_2018.pdf\">PDF<\/a><\/span><\/span><\/p>\n<p><strong><span class=\"fontstyle0\">Identification de l&#8217;apport d&#8217;une chaine de traitement corrective compl\u00e8te sur des images hyperspectrales pour la s\u00e9parabilit\u00e9 des esp\u00e8ces v\u00e9g\u00e9tales en milieu tropical<\/span><\/strong> <span class=\"fontstyle0\">Anthony Laybros <\/span><span class=\"fontstyle2\">\u2013 AMAP (Montpellier)<\/span> <span class=\"fontstyle2\"><span class=\"fontstyle0\"><a href=\"http:\/\/www.sfpt.fr\/hyperspectral\/wp-content\/uploads\/2019\/11\/S07_Vegetation_02_Laybros_SFPT_GH_2018.pdf\">PDF<\/a><\/span><\/span><\/p>\n<p><strong><span class=\"fontstyle0\">Recognition of urban vegetation by hyperspectral airborne high-resolution VNIR imager (Kaunas, Lithuania) <\/span><\/strong><span class=\"fontstyle0\">Walid Ouerghemmi <\/span><span class=\"fontstyle0\"><span class=\"fontstyle2\">\u2013 ESPACE (Marseille) <a href=\"http:\/\/www.sfpt.fr\/hyperspectral\/wp-content\/uploads\/2019\/11\/S07_Vegetation_03_Gadal_SFPT_GH_2018.pdf\">PDF<\/a><\/span><\/span><strong><span class=\"fontstyle0\"><br \/><\/span><\/strong><\/p>\n<p><strong> <span class=\"fontstyle0\">An oblique projection method for multi-scattering effects correction in close range hyperspectral imagery of vegetation scenes: application to nitrogen content assessment in wheat<\/span><\/strong> <span class=\"fontstyle0\">Nathalie Al Makdessi <\/span><span class=\"fontstyle2\">\u2013 ITAP (Montpellier)<\/span><\/p>\n<p><span class=\"fontstyle0\"><strong>Multivariate analysis of variance of vegetation spectra dataset included into an experimental design by using ANOVA-SCA and ANOVA-Target Projection<\/strong> Maxime Ryckewaert <span class=\"fontstyle2\">\u2013 ITAP (Montpellier)<\/span><br \/><\/span><\/p>\n<p style=\"text-align: center;\"><span style=\"color: #ff0000;\"><strong>Session 8 (13:30 \u2013 14:30) <span class=\"fontstyle0\">Th\u00e9matique : <\/span> <span class=\"fontstyle0\">Milieux littoraux<\/span> <\/strong><\/span><\/p>\n<p style=\"text-align: center;\"><span class=\"fontstyle0\">Animatrice de session :\u00a0<\/span> <span class=\"fontstyle0\">Mireille Guillaume Institut Fresnel (Marseille) <\/span><\/p>\n<p><strong><span class=\"fontstyle0\">Estimation de la composition de l&#8217;eau en zones peu profondes par t\u00e9l\u00e9d\u00e9tection hyperspectrale <\/span><\/strong><span class=\"fontstyle0\">Sylvain Jay <\/span><span class=\"fontstyle2\">\u2013 Institut Fresnel (Marseille)<\/span><\/p>\n<p><span class=\"fontstyle0\"><strong>M\u00e9thodologie semi-automatique de cartographie des petits fonds en zone lagunaire. Application \u00e0 la cartographie des herbiers de zost\u00e8res de l&#8217;Etang de Berre<\/strong> Nicolas Thomas <span class=\"fontstyle2\">\u2013 Hytech-Imaging (Brest)<\/span> <span class=\"fontstyle2\"><a href=\"http:\/\/www.sfpt.fr\/hyperspectral\/wp-content\/uploads\/2019\/11\/S08_MilieuxLittoraux_02_Thomas_SFPT-GH-2018.pdf\">PDF<\/a><\/span><\/span><\/p>\n<p><strong> <span class=\"fontstyle0\">Comparaison des m\u00e9thodes empiriques et semi-analytiques pour l&#8217;estimation de la composition de l&#8217;eau\u00a0<\/span><\/strong> <span class=\"fontstyle0\">Audrey Minghelli <\/span><span class=\"fontstyle2\">\u2013 UTLN (Toulon) <span class=\"fontstyle0\"><a href=\"http:\/\/www.sfpt.fr\/hyperspectral\/wp-content\/uploads\/2019\/11\/S08_MilieuxLittoraux_03_Minghelli_SFPT_GH_2018.pdf\">PDF<\/a><\/span><\/span><\/p>\n<p>\u00a0<\/p>\n<p style=\"text-align: center;\"><span style=\"color: #ff0000;\"><strong>Session 9 (14:50 \u2013 16:30) <span class=\"fontstyle0\">Th\u00e9matique :<\/span> <span class=\"fontstyle0\">V\u00e9g\u00e9tation et mod\u00e9lisation<\/span><\/strong><\/span><\/p>\n<p style=\"text-align: center;\"><span class=\"fontstyle0\">Animatrice de session :\u00a0<\/span> <span class=\"fontstyle0\">Karine Adeline ONERA (Toulouse)<br \/><\/span><\/p>\n<p><strong><span class=\"fontstyle0\"> Estimation de la chimie foliaire par spectroscopie et apprentissage profond <br \/><\/span><\/strong><span class=\"fontstyle2\"> <span class=\"fontstyle0\">Florian De Boissieu <\/span>\u2013 TETIS (Montpellier) <span class=\"fontstyle0\"><a href=\"http:\/\/www.sfpt.fr\/hyperspectral\/wp-content\/uploads\/2019\/11\/S09_Vegetation_01_De-Boissieu_SFPT-GH_2018.pdf\">PDF<\/a><\/span><br \/><\/span><\/p>\n<p><span class=\"fontstyle0\"><strong> Suivi des effets physiologiques des maladies foliaires avec le mod\u00e8le de transfert radiatif PROCOSINE et l&#8217;imagerie hyperspectrale submillim\u00e9trique : un cas d&#8217;\u00e9tude<\/strong><br \/><strong>avec le pathog\u00e8ne du bananier <\/strong><span class=\"fontstyle2\"><strong>P. fijiensis<\/strong> Julien Morel \u2013 ITAP (Montpellier), Swedish University of Agricultural Sciences (Ume\u00e5, Sweden) <a href=\"http:\/\/www.sfpt.fr\/hyperspectral\/wp-content\/uploads\/2019\/11\/S09_Vegetation_02_Morel_SFPT_GH_2018.pdf\">PDF<\/a><br \/><\/span> <\/span><\/p>\n<p><strong> <span class=\"fontstyle0\">Suivi de la ph\u00e9nologie saisonni\u00e8re en savane bois\u00e9e par t\u00e9l\u00e9d\u00e9tection a\u00e9roport\u00e9e hyperspectrale<\/span><\/strong> <span class=\"fontstyle0\">Karine Adeline <\/span><span class=\"fontstyle2\">\u2013 ONERA (Toulouse)<\/span><\/p>\n<p><span class=\"fontstyle0\"><strong>Validation du mod\u00e8le DART pour la simulation d&#8217;images hyperspectrales en for\u00eat tropicale <\/strong>Dav Ebengo <span class=\"fontstyle2\">\u2013 TETIS (Montpellier)<\/span> <\/span><span class=\"fontstyle0\"> <span class=\"fontstyle2\"><a href=\"http:\/\/www.sfpt.fr\/hyperspectral\/wp-content\/uploads\/2019\/11\/S09_Vegetation_04_Ebengo_SFPT_GH2018.pdf\">PDF<\/a><\/span><\/span><\/p>\n<p><strong> <span class=\"fontstyle0\">Imagerie hyperspectrale et chimie du boi<\/span>s<\/strong> <span class=\"fontstyle0\">Mariana Pires Franco <\/span><span class=\"fontstyle2\">\u2013 ESALQ-USP (Br\u00e9sil)<\/span> <span class=\"fontstyle0\"> <span class=\"fontstyle2\"><a href=\"http:\/\/www.sfpt.fr\/hyperspectral\/wp-content\/uploads\/2019\/11\/S09_Vegetation_05_Franco_by_Chaix_SFPT_GH_2018.pdf\">PDF<\/a><\/span><\/span><br \/><br \/><\/p>\n<p style=\"text-align: center;\"><strong><span class=\"fontstyle0\">Synth\u00e8se et cl\u00f4ture du colloque <\/span><\/strong><span class=\"fontstyle0\">Jean-Baptiste F\u00e9ret <\/span><span class=\"fontstyle0\"><span class=\"fontstyle2\">\u2013 TETIS (Montpellier)<\/span><\/span><\/p>\n","protected":false},"excerpt":{"rendered":"<p>Vous trouverez ci-dessous le programme ainsi que les pr\u00e9sentations orales et les posters pr\u00e9sent\u00e9s lors du colloque. Vous pouvez \u00e9galement t\u00e9l\u00e9charger ici : les actes du colloque le bilan du colloque \u00a0 JEUDI 17 MAI 2018 INTRODUCTION \u2013 INFORMATIONS 08:30 ACCUEIL 08:45 Ouverture de la conf\u00e9rence 09:00 Pr\u00e9sentation du Groupe Hyperspectral de la SFPT et &hellip; <\/p>\n<p class=\"link-more\"><a href=\"https:\/\/www.sfpt.fr\/hyperspectral\/?page_id=1706\" class=\"more-link\">Continuer la lecture<span class=\"screen-reader-text\"> de &laquo;&nbsp;Montpellier 2018: Programme &#038; pr\u00e9sentations&nbsp;&raquo;<\/span><\/a><\/p>\n","protected":false},"author":1,"featured_media":0,"parent":0,"menu_order":0,"comment_status":"closed","ping_status":"closed","template":"","meta":{"_s2mail":"","footnotes":""},"class_list":["post-1706","page","type-page","status-publish","hentry"],"_links":{"self":[{"href":"https:\/\/www.sfpt.fr\/hyperspectral\/index.php?rest_route=\/wp\/v2\/pages\/1706","targetHints":{"allow":["GET"]}}],"collection":[{"href":"https:\/\/www.sfpt.fr\/hyperspectral\/index.php?rest_route=\/wp\/v2\/pages"}],"about":[{"href":"https:\/\/www.sfpt.fr\/hyperspectral\/index.php?rest_route=\/wp\/v2\/types\/page"}],"author":[{"embeddable":true,"href":"https:\/\/www.sfpt.fr\/hyperspectral\/index.php?rest_route=\/wp\/v2\/users\/1"}],"replies":[{"embeddable":true,"href":"https:\/\/www.sfpt.fr\/hyperspectral\/index.php?rest_route=%2Fwp%2Fv2%2Fcomments&post=1706"}],"version-history":[{"count":2,"href":"https:\/\/www.sfpt.fr\/hyperspectral\/index.php?rest_route=\/wp\/v2\/pages\/1706\/revisions"}],"predecessor-version":[{"id":1740,"href":"https:\/\/www.sfpt.fr\/hyperspectral\/index.php?rest_route=\/wp\/v2\/pages\/1706\/revisions\/1740"}],"wp:attachment":[{"href":"https:\/\/www.sfpt.fr\/hyperspectral\/index.php?rest_route=%2Fwp%2Fv2%2Fmedia&parent=1706"}],"curies":[{"name":"wp","href":"https:\/\/api.w.org\/{rel}","templated":true}]}}