{"id":1742,"date":"2019-11-15T23:58:14","date_gmt":"2019-11-15T22:58:14","guid":{"rendered":"http:\/\/www.sfpt.fr\/hyperspectral\/?page_id=1742"},"modified":"2025-09-25T10:07:30","modified_gmt":"2025-09-25T09:07:30","slug":"toulouse-2019-programme-presentations","status":"publish","type":"page","link":"https:\/\/www.sfpt.fr\/hyperspectral\/?page_id=1742","title":{"rendered":"Toulouse 2019: Programme &#038; pr\u00e9sentations"},"content":{"rendered":"\n<p><a href=\"http:\/\/www.sfpt.fr\/hyperspectral\/wp-content\/uploads\/2025\/09\/photogroupe1.jpg\"><img loading=\"lazy\" decoding=\"async\" class=\"alignnone  wp-image-2214\" src=\"http:\/\/www.sfpt.fr\/hyperspectral\/wp-content\/uploads\/2025\/09\/photogroupe1-300x138.jpg\" alt=\"\" width=\"676\" height=\"311\" srcset=\"https:\/\/www.sfpt.fr\/hyperspectral\/wp-content\/uploads\/2025\/09\/photogroupe1-300x138.jpg 300w, https:\/\/www.sfpt.fr\/hyperspectral\/wp-content\/uploads\/2025\/09\/photogroupe1-1024x472.jpg 1024w, https:\/\/www.sfpt.fr\/hyperspectral\/wp-content\/uploads\/2025\/09\/photogroupe1-768x354.jpg 768w, https:\/\/www.sfpt.fr\/hyperspectral\/wp-content\/uploads\/2025\/09\/photogroupe1.jpg 1200w\" sizes=\"auto, (max-width: 676px) 100vw, 676px\" \/><\/a><\/p>\n<p>Le flyer de l&#8217;\u00e9v\u00e8nement est disponible <a href=\"http:\/\/www.sfpt.fr\/hyperspectral\/wp-content\/uploads\/2025\/09\/sfpt-gh_flyer2019.pdf\">ici<\/a>, et le programme d\u00e9taill\u00e9 est disponible <a href=\"http:\/\/www.sfpt.fr\/hyperspectral\/wp-content\/uploads\/2025\/09\/SFPT-GH-2019.pdf\">ici<\/a>.<\/p>\n<p><strong>MARDI 9 JUILLET 2019<\/strong><\/p>\n<p>8h30 Accueil<\/p>\n<p>9h15 &#8211; 9h30 Mot de bienvenue et pr\u00e9sentation du Groupe Hyperspectral de la SFPT, Karine Adeline &#8211; ONERA <a href=\"http:\/\/www.sfpt.fr\/hyperspectral\/wp-content\/uploads\/2023\/10\/SFPT-GH2019_motbienvenu_presGH_08072019_KA-1.pdf\">PDF<\/a><\/p>\n<p>\u00a0<\/p>\n<p style=\"text-align: center;\"><strong><span style=\"color: #ff0000;\">Session 1 &#8211; SYNTHESE CAPTEURS (9:30-10:10)<\/span><\/strong><\/p>\n<p><strong>Historique et synth\u00e8se des \u00e9tudes sur l\u2019hyperspectral men\u00e9es au CNES<\/strong> M.-J. Lef\u00e8vre-Fonollosa, A. Deschamps, V. Lonjou, G. Blanchet, S. May <a href=\"http:\/\/www.sfpt.fr\/hyperspectral\/wp-content\/uploads\/2019\/11\/SESSION_1_SFPT-GH2019_SyntheseCNES_V1_Lefevre.pdf\">PDF<\/a><\/p>\n<p><strong>Recent scientific developements to support a future French hyperspectral space mission<\/strong> X. Briottet, T. Bajjouk, V. Carrere, M. Chami, C. Delacourt, M. Fauvel, J.-B. F\u00e9ret, C. Gomez, S. Jacquemoud, R. Marion, A. Minghelli, D. Sheeren, C. Weber<a href=\"http:\/\/www.sfpt.fr\/hyperspectral\/wp-content\/uploads\/2019\/11\/SESSION_1_SFPT_synthese_imagerie_hyperV1_Briottet.pdf\"> PDF<\/a><\/p>\n<p>\u00a0<\/p>\n<p style=\"text-align: center;\"><strong><span style=\"color: #ff0000;\">Session 2 &#8211; INSTRUMENTATION (10:10-11:30)<\/span><\/strong><\/p>\n<p><strong>Simulation and Improvements of the Hyperspectral Images of the SIELETERS Airborne System<\/strong> O. Gazzano, Y. Ferrec, A. Kattnig, C. Coudrain, L. Rousset-Rouviere <a href=\"http:\/\/www.sfpt.fr\/hyperspectral\/wp-content\/uploads\/2019\/11\/SESSION_2_SFPT-GH2019-GAZZANO_vf.pdf\">PDF<\/a><\/p>\n<p><strong>Instrument hyperspectral large bande (UV-Vis-NIR) pour la caract\u00e9risation de la fluorescence des mat\u00e9riaux organiques<\/strong> E. Gouisset, F. Bourcier, P. Walter, F. Infante <a href=\"http:\/\/www.sfpt.fr\/hyperspectral\/wp-content\/uploads\/2019\/11\/SESSION_2_GOUISSET_oral-SFPT-GH.pdf\">PDF<\/a><\/p>\n<p><strong>ImSpoc : un imageur hyperspectral compact pour les sciences de l\u2019atmosph\u00e8re<\/strong> Y. Ferrec, F. de la Barri\u00e8re, E. Le Coarer, L. Croiz\u00e9, S. Gousset, J. Rodrigo <a href=\"http:\/\/www.sfpt.fr\/hyperspectral\/wp-content\/uploads\/2019\/11\/SESSION_2_2019_07_09_SFPT_Toulouse__Ferrec_v_corr.pdf\">PDF<\/a><\/p>\n<p><strong>Caract\u00e9risation des gaz bas\u00e9e sur un spectro-imageur interf\u00e9rom\u00e9trique instantan\u00e9 <\/strong>A. Dolet, D. Picone, M. Dalla Mura, S. Gousset, S. Doute, E. Le Coarer <a href=\"http:\/\/www.sfpt.fr\/hyperspectral\/wp-content\/uploads\/2019\/11\/SESSION_2_Dolet_SFPT_GH.pdf\">PDF<\/a><\/p>\n<p>\u00a0<\/p>\n<p style=\"text-align: center;\"><span style=\"color: #ff0000;\"><strong>Session 3 &#8211; EXPOSANTS (11:30-12:10)<\/strong><\/span><\/p>\n<p>LOT\/ QuantumDesign &#8211; Harris Geospatial &#8211; ASD &amp; Bonsai &#8211; HyTECH Imaging &#8211; OPTOPRIM &#8211; PRO-LITE &#8211; SILIOS technologies &#8211; Ardop industries<\/p>\n<p>\u00a0<\/p>\n<p style=\"text-align: center;\"><span style=\"color: #ff0000;\"><strong>Session 4 &#8211; METHODOLOGIE (13:30-15:10)<\/strong><\/span><\/p>\n<p><strong>Hyperspectral image reconstruction from an adaptive dual-disperser imager exploiting the spatial correlation of the panchromatic image<\/strong> I. Ardi, H. Carfantan, S. Lacroix, A. Monmayrant<\/p>\n<p><strong>Improvement and validation of DART atmosphere thermal infrared radiative transfer modelling<\/strong> Y. Wang, J.-P. Gastellu-Etchegorry <a href=\"http:\/\/www.sfpt.fr\/hyperspectral\/wp-content\/uploads\/2019\/11\/SESSION_4_SFPT_Toulouse_v4_Wang.pdf\">PDF<\/a><\/p>\n<p><strong>S\u00e9paration de spectres de galaxies fond\u00e9e sur la fusion de donn\u00e9es<\/strong> A. Guerrero, S. Hosseini, Y. Deville, T. Contini, T. Gr\u00e9goire<\/p>\n<p><strong>D\u00e9m\u00e9lange parcimonieux et prise en compte de contraintes structurantes par optimisation globale <\/strong>R. Ben Mhenni, S. Bourguignon, J. Ninin, F. Schmidt <a href=\"http:\/\/www.sfpt.fr\/hyperspectral\/wp-content\/uploads\/2019\/11\/SESSION_4_sfpt2_BenMhenni.pdf\">PDF<\/a><\/p>\n<p><strong>Fusion de donn\u00e9es hyperspectrales et panchromatique par d\u00e9m\u00e9lange spectral dans le domaine r\u00e9flectif<\/strong> Y. Constans, S. Fabre, V. Crombez, M. Seymour, J. Chanussot, Y. Deville, X. Briottet <a href=\"http:\/\/www.sfpt.fr\/hyperspectral\/wp-content\/uploads\/2019\/11\/SESSION_4_Yohann_Constans_Pr\u00e9sentation_SFPT_V7.pdf\">PDF<\/a><\/p>\n<p>\u00a0<\/p>\n<p style=\"text-align: center;\"><span style=\"color: #ff0000;\"><strong>Session 5 \u2013 POSTERS (15:10-16:30)<\/strong><\/span><\/p>\n<p><strong>TERRISCOPE : Une nouvelle plateforme de t\u00e9l\u00e9d\u00e9tection optique a\u00e9roport\u00e9e \u00e0 partir d\u2019avions et de drones pour la caract\u00e9risation de l\u2019environnement et des surfaces continentales, <\/strong>Y. Boucher, A. Amiez, P. Barillot, C. Chatelard, C. Coudrain, P. D\u00e9liot, N. Rivi\u00e8re, L. Roupioz<\/p>\n<p><strong>Detection of vine diseases in multispectral (UAVs and satellite) and hyperspectral (airborned) images : Preliminary results using a non-linear unmixing tool (SAGA+), <\/strong>H. Clenet, S. Nakhostin, E. Laroche-Pinel, V. Cheret, S. Duthoit<\/p>\n<p><strong>Cartographie des fonds marins \u00e0 partir d\u2019images hyperspectrales a\u00e9riennes par correction de l\u2019att\u00e9nuation du signal du fond par la colonne d\u2019eau, <\/strong>A. Minghelli, M. Guillaume, M. Chami, B. Lafrance, X. Briottet, S. Jay, Y. Deville, V. Serfaty, M. Peirache<\/p>\n<p><strong>Integrating water column effects and bottom neighbor influence for a specific NMF seabed unmixing method, <\/strong>M. Guillaume, Y. Deville, X. Lenot, B. Lafrance, M. Chami, S. Jay, A. Minghelli, X. Briottet, V. Serfaty<\/p>\n<p><strong>Validation d\u2019une m\u00e9thode de correction des cirrus dans le domaine r\u00e9flectif [0.4 \u2013 2.5<\/strong><strong>\u03bc<\/strong><strong>m], <\/strong>S. Salgado, S. Mathieu, L. Poutier, X. Briottet<\/p>\n<p><strong>L\u2019imagerie hyperspectrale au service de nouvelles applications, <\/strong>J. Aval, A. Al Falou<\/p>\n<p><strong>Cofactorisation de matrices pour le d\u00e9m\u00e9lange et la classification conjoints d\u2019images hyperspectrales, <\/strong>A. Lagrange, M. Fauvel, S. May, J. M. Bioucas-Dias, N. Dobigeon<\/p>\n<p><strong>Utilisation de donn\u00e9es optiques pour l\u2019exploration p\u00e9troli\u00e8re bas\u00e9e sur les effets indirects sur la v\u00e9g\u00e9tation, <\/strong>S. Fabre, P. Deliot, A. Beaupere, A. Credoz, D. Dubucq<\/p>\n<p><strong>Cartographie de min\u00e9ralisations hydrothermales par imagerie hyperspectrale a\u00e9roport\u00e9e: cas d\u2019\u00e9tude du bassin de Tabernas (Almeria, SE Espagne), <\/strong>E. Ducasse, K. Adeline, V. Miegebielle, M. Larrey<\/p>\n<p><strong>Fusion of LiDAR and hyperspectral data for 3D segmentation of individual trees, <\/strong>E. Tusa, J.-B. Barr\u00e9, J.-M. Monnet, M. Dalla-Mura, F. Berger, J. Chanussot<\/p>\n<p><strong>Hyperspectral unmixing based on a novel pixel-by-pixel NMF algorithm using a new linear mixing model to address multiplicative adjusted spectral variability, <\/strong>F.Z. Benhalouche, M. Sofiane Karoui, Y. Deville<\/p>\n<p style=\"text-align: center;\"><span style=\"color: #ff0000;\"><strong>Oratrice invit\u00e9e<\/strong> <\/span><\/p>\n<p><strong>Recent advances in spectral-spatial hyperspectral image classification<\/strong><\/p>\n<p>Jun Li &#8211; Sun Yat-Sen University, Guangzhou\u00a0 China<\/p>\n<p><strong>\u00a0<\/strong><\/p>\n<p>\u00a0<\/p>\n<p><strong>MERCREDI 10 JUILLET 2019<\/strong><\/p>\n<p style=\"text-align: center;\"><span style=\"color: #ff0000;\"><strong>Session 6 &#8211; MILIEUX LITTORAUX (09:00-10:20)<\/strong><\/span><\/p>\n<p><strong>Blind unmixing based on spectral-variabilility modeling for hyperspectral oceanic remote sensing data with adjacency effects<\/strong> Y. Deville, S.-E. Brezini, F. Z. Benhalouche, M. S. Karoui, M. Guillaume, X. Lenot, B. Lafrance, M. Chami, S. Jay, A. Minghelli, X. Briottet, V. Serfaty<\/p>\n<p><strong>Macroalgues intertidales : Apport de la t\u00e9l\u00e9d\u00e9tection hyperspectrale pour le suivi sectoriel dans le cadre de la DCE\/DCSMM <\/strong>A. Le Bris, T. Perrot, P.-O. Liabot, C. Daniel, S. Richier <a href=\"http:\/\/www.sfpt.fr\/hyperspectral\/wp-content\/uploads\/2019\/11\/SESSION_6_2019.07.10_SFPT-GH_LE-BRIS09ANTHONY_CEVA.pdf\">PDF<\/a><\/p>\n<p><strong>Suivi de cordons dunaires par t\u00e9l\u00e9d\u00e9tection synchronis\u00e9e Hyperspectrale et LiDAR \u00e0 retour d\u2019onde complet<\/strong> G. Frati, P. Launeau, M. Giraud, S. Moussaoui, M. Robin, D. Lague, C. Michon <a href=\"http:\/\/www.sfpt.fr\/hyperspectral\/wp-content\/uploads\/2019\/11\/SESSION_6_G.FRATI__sfpt-gh__072019.pdf\">PDF<\/a><\/p>\n<p><strong>Cartographie de vestiges arch\u00e9ologiques immerg\u00e9s \u00e0 partir d&#8217;images hyperspectrales : application au site d&#8217;Er Lannic<\/strong> A. Guyot, M. Lennon, T. Lorho, N. Thomas, T. Petit, S. Gu\u00e9guen, G. Sicot, S. Cassen, L. Hubert-Moy <a href=\"http:\/\/www.sfpt.fr\/hyperspectral\/wp-content\/uploads\/2019\/11\/SESSION_6_201907_SFPT_ErLannic_GuyotA.pdf\">PDF<\/a><\/p>\n<p>\u00a0<\/p>\n<p style=\"text-align: center;\"><strong><span style=\"color: #ff0000;\">Session 7 &#8211; VEGETATION (10:50-12:10)<\/span><\/strong><\/p>\n<p><strong>Utilisation de donn\u00e9es hyperspectrales pour la d\u00e9tection et la quantification des hydrocarbures p\u00e9troliers en r\u00e9gions v\u00e9g\u00e9talis\u00e9es <\/strong>G. Lassalle, S. Fabre, A. Credoz, R. H\u00e9dacq, G. Bertoni, D. Dubucq, A. Elger<\/p>\n<p><strong>Identification automatique d\u2019essences foresti\u00e8res : comparaison des performances entre donn\u00e9es hyperspectrales (Hypxim) et donn\u00e9es hypertemporelles (Sentinel-2)<\/strong> T. Erudel, S. Fabre, P. D\u00e9liot, X. Briottet, J.-B. F\u00e9ret, D. Sheeren<\/p>\n<p><strong>Caract\u00e9risation de la r\u00e9flectance de canop\u00e9e pour la cartographie de la biodiversit\u00e9 en for\u00eat tropicale par mod\u00e9lisation physique<\/strong> D. M. Ebengo, F. de Boissieu, C. Lavalley, G. Vincent, C. Weber, J.-B. F\u00e9ret<\/p>\n<p><strong>Influence of forest modeling on LAI and chlorophyll content estimation with radiative transfer inversion for a woodland savanna<\/strong> T. Miraglio, K. Adeline, M. Huesca, S. Ustin, X. Briottet <a href=\"http:\/\/www.sfpt.fr\/hyperspectral\/wp-content\/uploads\/2019\/11\/SESSION_7_presentation_SFPT-gh_tmiraglio.pdf\">PDF<\/a><\/p>\n<p>\u00a0<\/p>\n<p style=\"text-align: center;\"><span style=\"color: #ff0000;\"><strong>Session 8 &#8211; MILIEUX URBAINS (13:10-14:30)<\/strong><\/span><\/p>\n<p><strong>Apport des donn\u00e9es hyperspectrales pour la cartographie et la caract\u00e9risation des sources lumineuses artificielles nocturnes en milieux urbain<\/strong> J. Nabucet, M. Lennon, N. Thomas, D. Moisan, L. Hubert-Moy <a href=\"http:\/\/www.sfpt.fr\/hyperspectral\/wp-content\/uploads\/2019\/11\/SESSION_8_SFPT_JeanNabucet.pdf\">PDF<\/a><\/p>\n<p><strong>HYEP HYperspectral imagery for Environmental urban Planning : principaux r\u00e9sultats<\/strong> C. Weber, T. Houet, S. Gadal, R. Aguejdad, G. Skupinski, Y. Deville, J. Chanussot, M. Dalla Mura, X. Briottet, C. Mallet, A. Le Bris <a href=\"http:\/\/www.sfpt.fr\/hyperspectral\/wp-content\/uploads\/2019\/11\/SESSION_8_HYEP_toulouse_V5_Weber.pdf\">PDF<\/a><\/p>\n<p><strong>Apport d\u2019une voie panchromatique dans le d\u00e9m\u00e9lange d\u2019images hyperspectrales<\/strong> S. Rebeyrol, Y. Deville, V. Achard, X. Briottet, S. May <a href=\"http:\/\/www.sfpt.fr\/hyperspectral\/wp-content\/uploads\/2019\/11\/SESSION_8_presentation_SFPT2019_simon_rebeyrol_et_al.pdf\">PDF<\/a><\/p>\n<p>\u00a0<\/p>\n<p style=\"text-align: center;\"><span style=\"color: #ff0000;\"><strong>Session 9 &#8211; SOL ET PLANETOLOGIE (14:30-15:30)<\/strong><\/span><\/p>\n<p><strong>Identification et caract\u00e9risation de min\u00e9raux : une proc\u00e9dure automatique de traitement d&#8217;image hyperspectrale<\/strong> R. Rialland, R. Marion, C. Soussen, V. Carr\u00e8re <a href=\"http:\/\/www.sfpt.fr\/hyperspectral\/wp-content\/uploads\/2019\/11\/SESSION_9_SFPT_2019_Rialland.pdf\">PDF<\/a><\/p>\n<p><strong>Min\u00e9ralogie de zones de cisaillement dans Valles Marineris, Mars, et \u00e9volution g\u00e9ologique<\/strong> F. Schmidt, J. Gurgurewicz , D. Mege <a href=\"http:\/\/www.sfpt.fr\/hyperspectral\/wp-content\/uploads\/2019\/11\/SESSION_9_Schmidt_Ophir.pdf\">PDF<\/a><\/p>\n<p><strong>D\u00e9tection de sols pollu\u00e9s aux hydrocarbures \u00e0 partir d\u2019images hyperspectrales<\/strong> V. Achard, C. Elin, D. Dubucq<\/p>\n<p>\u00a0<\/p>\n<p><strong>15h30 &#8211; 15h40<\/strong> \u00a0 Pr\u00e9sentation du PNTS &#8211; Audrey Minghelli &#8211; Universit\u00e9 de Toulon <a href=\"http:\/\/www.sfpt.fr\/hyperspectral\/wp-content\/uploads\/2023\/10\/presentation_PNTS_hyperspectralTOULOUSE2019_Minghelli.pdf\">PDF<\/a><\/p>\n<p>\u00a0<\/p>\n<p><strong>15h40 &#8211; 16h<\/strong> \u00a0\u00a0\u00a0\u00a0\u00a0\u00a0 Synth\u00e8se et cl\u00f4ture &#8211; Karine Adeline &#8211; ONERA <a href=\"http:\/\/www.sfpt.fr\/hyperspectral\/wp-content\/uploads\/2023\/10\/SFPT-GH2019_cloture_10072019_KA.pdf\">PDF<\/a><\/p>\n","protected":false},"excerpt":{"rendered":"<p>Le flyer de l&#8217;\u00e9v\u00e8nement est disponible ici, et le programme d\u00e9taill\u00e9 est disponible ici. MARDI 9 JUILLET 2019 8h30 Accueil 9h15 &#8211; 9h30 Mot de bienvenue et pr\u00e9sentation du Groupe Hyperspectral de la SFPT, Karine Adeline &#8211; ONERA PDF \u00a0 Session 1 &#8211; SYNTHESE CAPTEURS (9:30-10:10) Historique et synth\u00e8se des \u00e9tudes sur l\u2019hyperspectral men\u00e9es au &hellip; <\/p>\n<p class=\"link-more\"><a href=\"https:\/\/www.sfpt.fr\/hyperspectral\/?page_id=1742\" class=\"more-link\">Continuer la lecture<span class=\"screen-reader-text\"> de &laquo;&nbsp;Toulouse 2019: Programme &#038; pr\u00e9sentations&nbsp;&raquo;<\/span><\/a><\/p>\n","protected":false},"author":1,"featured_media":0,"parent":0,"menu_order":0,"comment_status":"closed","ping_status":"closed","template":"","meta":{"_s2mail":"yes","footnotes":""},"class_list":["post-1742","page","type-page","status-publish","hentry"],"_links":{"self":[{"href":"https:\/\/www.sfpt.fr\/hyperspectral\/index.php?rest_route=\/wp\/v2\/pages\/1742","targetHints":{"allow":["GET"]}}],"collection":[{"href":"https:\/\/www.sfpt.fr\/hyperspectral\/index.php?rest_route=\/wp\/v2\/pages"}],"about":[{"href":"https:\/\/www.sfpt.fr\/hyperspectral\/index.php?rest_route=\/wp\/v2\/types\/page"}],"author":[{"embeddable":true,"href":"https:\/\/www.sfpt.fr\/hyperspectral\/index.php?rest_route=\/wp\/v2\/users\/1"}],"replies":[{"embeddable":true,"href":"https:\/\/www.sfpt.fr\/hyperspectral\/index.php?rest_route=%2Fwp%2Fv2%2Fcomments&post=1742"}],"version-history":[{"count":7,"href":"https:\/\/www.sfpt.fr\/hyperspectral\/index.php?rest_route=\/wp\/v2\/pages\/1742\/revisions"}],"predecessor-version":[{"id":2221,"href":"https:\/\/www.sfpt.fr\/hyperspectral\/index.php?rest_route=\/wp\/v2\/pages\/1742\/revisions\/2221"}],"wp:attachment":[{"href":"https:\/\/www.sfpt.fr\/hyperspectral\/index.php?rest_route=%2Fwp%2Fv2%2Fmedia&parent=1742"}],"curies":[{"name":"wp","href":"https:\/\/api.w.org\/{rel}","templated":true}]}}