{"id":2177,"date":"2025-09-25T06:11:02","date_gmt":"2025-09-25T05:11:02","guid":{"rendered":"https:\/\/www.sfpt.fr\/hyperspectral\/?page_id=2177"},"modified":"2025-09-25T06:11:02","modified_gmt":"2025-09-25T05:11:02","slug":"rennes-2024-programme-et-presentations","status":"publish","type":"page","link":"https:\/\/www.sfpt.fr\/hyperspectral\/?page_id=2177","title":{"rendered":"Rennes 2024: Programme et Pr\u00e9sentations"},"content":{"rendered":"\n<p style=\"text-align: center;\"><strong>Jeudi 30 mai 2024<\/strong><\/p>\n\n\n\n<p><strong>09:30 &#8211; 10:00<\/strong>\u00a0\u00a0 <strong>\u00a0Accueil &#8211; Caf\u00e9<\/strong><\/p>\n<p style=\"text-align: center;\"><strong><mark class=\"has-inline-color has-vivid-red-color\">Session 1 : Institutionnels-Exposants (10:00-11:50)<\/mark><\/strong><\/p>\n<p><br \/><strong>10:00 &#8211; 10:30<\/strong>\u00a0\u00a0\u00a0 Pr\u00e9sentations institutionnelles<br \/><strong>10:30 &#8211; 10:40<\/strong>\u00a0\u00a0 \u00a0Exposants : IRISPACE\u00a0\u00a0 \u00a0\u00a0\u00a0 \u00a0<br \/><strong>10:40 &#8211; 10:50<\/strong>\u00a0\u00a0 \u00a0Exposants : PRO-LITE\u00a0\u00a0 \u00a0\u00a0\u00a0 \u00a0<br \/><strong>10:50 &#8211; 11:00<\/strong>\u00a0\u00a0 \u00a0Exposants : HYTECH\u00a0\u00a0 \u00a0\u00a0\u00a0 \u00a0<br \/><strong>11:00 &#8211; 11:10<\/strong>\u00a0\u00a0 \u00a0Exposants : BONSAI\u00a0\u00a0 \u00a0\u00a0\u00a0 \u00a0<br \/><strong>11:10 &#8211; 11:20<\/strong>\u00a0\u00a0 \u00a0Exposants : PHOTOINNOV\u00a0\u00a0 \u00a0\u00a0\u00a0 \u00a0<br \/><strong>11:20 &#8211; 11:30<\/strong>\u00a0\u00a0 \u00a0Exposants : NV5\u00a0\u00a0 \u00a0\u00a0\u00a0 \u00a0<br \/><strong>11:30 &#8211; 11:40<\/strong>\u00a0\u00a0 \u00a0Exposants : HYP4EU\u00a0\u00a0 \u00a0\u00a0\u00a0 \u00a0<br \/><strong>11:40 &#8211; 11:50<\/strong>\u00a0\u00a0 \u00a0Exposants : HEADWALL\u00a0\u00a0 \u00a0<\/p>\n\n\n\n<p style=\"text-align: center;\"><strong><mark class=\"has-inline-color has-vivid-red-color\">Session 2 : Missions hyperspectrales, donn\u00e9es (13:30-15:30)<br \/><\/mark><\/strong><\/p>\n<p><strong>Developing the IEEE P4001 standard for characterisation and calibration of hyperspectral imaging devices,<\/strong> John GILCHRIST <a href=\"http:\/\/www.sfpt.fr\/hyperspectral\/wp-content\/uploads\/2025\/09\/GH_2024_1.1_Gilchrist.pdf\"><strong>PDF<\/strong><\/a><\/p>\n<p><strong>Cam\u00e9ra hyperspectrale &#8220;snapshot&#8221; avec interf\u00e9rom\u00e8tre bir\u00e9fringent,<\/strong> Matthieu PORTE <a href=\"http:\/\/www.sfpt.fr\/hyperspectral\/wp-content\/uploads\/2025\/09\/GH_2024_1.2_Porte.pdf\"><strong>PDF<\/strong><\/a><\/p>\n<p><strong>ESA&#8217;s FLEX Data Innovation and Science Cluster (DISC), <\/strong>Jorge Vicent Servera <a href=\"http:\/\/www.sfpt.fr\/hyperspectral\/wp-content\/uploads\/2025\/09\/GH_2024_1.3_Servera.pdf\"><strong>PDF<\/strong><\/a><\/p>\n<p><strong>High-spatial resolution imaging spectroscopy: past achievements and future CNES roadmap,<\/strong> Camille Desjardins <a href=\"http:\/\/www.sfpt.fr\/hyperspectral\/wp-content\/uploads\/2025\/09\/GH_2024_1.4_Desjardins.pdf\"><strong>PDF<\/strong><\/a><\/p>\n<p><strong>A VNIR spectral database of Mars analog rocks to guide future analyses of hyperspectral data, <\/strong>Marie Barthez <a href=\"http:\/\/www.sfpt.fr\/hyperspectral\/wp-content\/uploads\/2025\/09\/GH_2024_1.5_Barthez.pdf\"><strong>PDF<\/strong><\/a><\/p>\n<p><strong>Projet SentHyMED : bases de donn\u00e9es multi-\u00e9chelles et simulation de paysages de ch\u00eanaies m\u00e9diterran\u00e9ennes par mod\u00e9lisation directe du transfert radiatif pour des images multi- et hysperspectrales, <\/strong>Karine Adeline <a href=\"http:\/\/www.sfpt.fr\/hyperspectral\/wp-content\/uploads\/2025\/09\/GH_2024_1.6_Adeline.pdf\"><strong>PDF<\/strong><\/a><\/p>\n\n\n\n<p style=\"text-align: center;\"><strong><mark class=\"has-inline-color has-vivid-red-color\">Session 3 : M\u00e9thodes (16:00-18:00)<br \/><\/mark><\/strong><\/p>\n<p><strong>Apport de la fusion multi\/hyperspectrale en comparaison au pan-sharpening hyperspectral pour les zones h\u00e9t\u00e9rog\u00e8nes, <\/strong>Sacha Neiger<a href=\"http:\/\/www.sfpt.fr\/hyperspectral\/wp-content\/uploads\/2025\/09\/GH_2024_2.1_Neiger.pdf\"><strong> PDF<\/strong><\/a><\/p>\n<p><strong>Caract\u00e9risation des arbres par donn\u00e9es LiDAR et hyperspectrales de la for\u00eat bor\u00e9ale, <\/strong>Florent Guiotte <a href=\"http:\/\/www.sfpt.fr\/hyperspectral\/wp-content\/uploads\/2025\/09\/GH_2024_2.2_Guiotte.pdf\"><strong>PDF<\/strong><\/a><\/p>\n<p><strong>Caract\u00e9riser la connectivit\u00e9 hydrologique et le stress hydrique de la v\u00e9g\u00e9tation des cours d&#8217;eau : apport de l&#8217;imagerie hyperspectrale, <\/strong>Julien Godfroy<a href=\"http:\/\/www.sfpt.fr\/hyperspectral\/wp-content\/uploads\/2025\/09\/GH_2024_2.3_Godfroy.pdf\"><strong> PDF<\/strong><\/a><\/p>\n<p><strong>Cartographie de la montmorillonite par d\u00e9m\u00e9lange d&#8217;images hyperspectrales \u00e0 l&#8217;\u00e9chelle centim\u00e9trique: cas de champs agricoles labour\u00e9s, <\/strong>Karine Adeline<a href=\"http:\/\/www.sfpt.fr\/hyperspectral\/wp-content\/uploads\/2025\/09\/GH_2024_2.4_Adeline1.pdf\"><strong> PDF<\/strong><\/a><\/p>\n<p><strong>Comment estimer les propri\u00e9t\u00e9s de surface de mani\u00e8re robuste pour un cube hyperspectral complet ? <\/strong>Fran\u00e7ois Andrieu<a href=\"http:\/\/www.sfpt.fr\/hyperspectral\/wp-content\/uploads\/2025\/09\/GH_2024_2.5_Andrieu.pdf\"><strong> PDF<\/strong><\/a><\/p>\n<p><strong>Optimisation exacte, parcimonie et contraintes avanc\u00e9es pour l&#8217;analyse multi-solutions de donn\u00e9es hyperspectrales de Mars, <\/strong>Nils Foix-Colonier <a href=\"http:\/\/www.sfpt.fr\/hyperspectral\/wp-content\/uploads\/2025\/09\/GH_2024_2.6_Foix-Colonier.pdf\"><strong>PDF<\/strong><\/a><\/p>\n\n\n\n<p style=\"text-align: center;\"><strong>Vendredi <\/strong><strong>31 mai 2024<\/strong><\/p>\n\n\n\n<p style=\"text-align: center;\"><strong><mark class=\"has-inline-color has-vivid-red-color\">Session 4 : Applications #1 (09:00-10:40)<br \/><\/mark><\/strong><\/p>\n<p><strong>Comparison of atmospheric radiative transfer model simulations with the ALG toolbox, <\/strong>Jorge Vicent Servera<a href=\"http:\/\/www.sfpt.fr\/hyperspectral\/wp-content\/uploads\/2025\/09\/GH_2024_3.1_Servera.pdf\"><strong> PDF<\/strong><\/a><\/p>\n<p><strong>Correction atmosph\u00e9rique des donn\u00e9es hyperspectrales avec MAGAC toolbox, <\/strong>Jorge Vicent Servera <a href=\"http:\/\/www.sfpt.fr\/hyperspectral\/wp-content\/uploads\/2025\/09\/GH_2024_3.2_Servera.pdf\"><strong>PDF<\/strong><\/a><\/p>\n<p><strong>M\u00e9thode de d\u00e9tection de nuages CHIWAWA, <\/strong>Alexandre Alakian<a href=\"http:\/\/www.sfpt.fr\/hyperspectral\/wp-content\/uploads\/2025\/09\/GH_2024_3.3_Alakian.pdf\"><strong> PDF<\/strong><\/a><\/p>\n<p><strong>Hyperspectral imaging for art heritage applications, <\/strong>John GILCHRIST<a href=\"http:\/\/www.sfpt.fr\/hyperspectral\/wp-content\/uploads\/2025\/09\/GH_2024_3.4_Gilchrist.pdf\"><strong> PDF<\/strong><\/a><\/p>\n<p><strong>Evaluer l&#8217;impact de l&#8217;environnement sur la sant\u00e9 humaine : l&#8217;enjeu du traitement des donn\u00e9es de spectrom\u00e9trie de masse haute-r\u00e9solution, <\/strong>Jade Chaker<a href=\"http:\/\/www.sfpt.fr\/hyperspectral\/wp-content\/uploads\/2025\/09\/GH_2024_3.5_Chaker.pdf\"><strong> PDF <\/strong><\/a><\/p>\n\n\n\n<p style=\"text-align: center;\"><strong><mark class=\"has-inline-color has-vivid-red-color\">Session 5 : Applications #2 (11:10-12:30)<br \/><\/mark><\/strong><\/p>\n<p><strong>Toulouse Hyperspectral Data Set: a benchmark data set to assess semi-supervised spectral representation learning and pixel-wise classification techniques, <\/strong>Romain Thoreau<a href=\"http:\/\/www.sfpt.fr\/hyperspectral\/wp-content\/uploads\/2025\/09\/GH_2024_4.1_Thoreau.pdf\"><strong> PDF<\/strong><\/a><\/p>\n<p><strong>Caract\u00e9risation d&#8217;un gradient de succession en for\u00eat tropicale par imagerie hyperspectrale : retours sur la campagne Khao Yai 2024, <\/strong>Jean-Baptiste F\u00e9ret <a href=\"http:\/\/www.sfpt.fr\/hyperspectral\/wp-content\/uploads\/2025\/09\/GH_2024_4.2_Feret.pdf\"><strong>PDF<\/strong><\/a><\/p>\n<p><strong>Methane plumes detection on hyperspectral images with a variant of Generalized Likelihood Ratio Tests, <\/strong>Elyes Ouerghi<a href=\"http:\/\/www.sfpt.fr\/hyperspectral\/wp-content\/uploads\/2025\/09\/GH_2024_4.3_Ouerghi.pdf\"><strong> PDF<\/strong><\/a><\/p>\n<p><strong>Avanc\u00e9es technologiques dans la t\u00e9l\u00e9d\u00e9tection et les applications environnementales avec spectroradiom\u00e8tres de terrain UV-Vis-NIR, <\/strong>Nicolas Venjean<a href=\"http:\/\/www.sfpt.fr\/hyperspectral\/wp-content\/uploads\/2025\/09\/GH_2024_4.4_Venjean.pdf\"><strong> PDF <\/strong><\/a><\/p>\n\n\n\n<p style=\"text-align: center;\"><strong><mark class=\"has-inline-color has-vivid-red-color\">Session 6 : V\u00e9g\u00e9tation (14:00-15:40)<br \/><\/mark><\/strong><\/p>\n<p><strong>Acquisition de donn\u00e9es hyper-spectrales de haute r\u00e9solution sur tr\u00e8s petits \u00e9chantillons de v\u00e9g\u00e9tation, <\/strong>Nicolas Venjean<a href=\"http:\/\/www.sfpt.fr\/hyperspectral\/wp-content\/uploads\/2025\/09\/GH_2024_5.1_Venjean.pdf\"><strong> PDF<\/strong><\/a><\/p>\n<p><strong>Mapping soil organic carbon content by combining time series of Sentinel-2 and Sentinel-1 with VIS-NIR laboratory spectra &#8211; Application to study site in Brittany (France), <\/strong>Youssef Fouad<a href=\"http:\/\/www.sfpt.fr\/hyperspectral\/wp-content\/uploads\/2025\/09\/GH_2024_5.2_Fouad.pdf\"><strong> PDF <\/strong><\/a><\/p>\n<p><strong>Pr\u00e9diction des propri\u00e9t\u00e9s spectrales du sol forestier \u00e0 partir de capteurs LiDAR et RSO dans les for\u00eats temp\u00e9r\u00e9es et bor\u00e9ales, <\/strong>Audrey Mercier<a href=\"http:\/\/www.sfpt.fr\/hyperspectral\/wp-content\/uploads\/2025\/09\/GH_2024_5.3_Mercier.pdf\"><strong> PDF<\/strong><\/a><\/p>\n<p><strong>Prise en compte de l&#8217;architecture du couvert v\u00e9g\u00e9tal \u00e0 diff\u00e9rents stades de d\u00e9veloppement pour le suivi des cultures par t\u00e9l\u00e9d\u00e9tection hyperspectrale : cas d&#8217;\u00e9tude du ma\u00efs, <\/strong>Romain D\u00e9moulin<a href=\"http:\/\/www.sfpt.fr\/hyperspectral\/wp-content\/uploads\/2025\/09\/GH_2024_5.4_Demoulin.pdf\"><strong> PDF<\/strong><\/a><\/p>\n<p><strong>Ph\u00e9notypage de plants de ma\u00efs en proxy-d\u00e9tection par combinaison de capteurs spectraux passif et actif, <\/strong>Josselin Aval<strong> PDF<\/strong><\/p>\n\n\n\n<p style=\"text-align: center;\"><strong><mark class=\"has-inline-color has-vivid-red-color\">Session poster<br \/><\/mark><\/strong><\/p>\n<p><strong>Cartographie multi-\u00e9chelle de l&#8217;\u00e9tat de vergers par acquisitions drone multimodales, <\/strong>Nathan Sikora <strong>PDF<\/strong><\/p>\n<p><strong>PRISMA and EnMAP radiometric calibration\/validation studies at CNES, <\/strong>Camille Desjardins<strong> PDF<\/strong><\/p>\n<p><strong>SCO BIOEOS : apport de la fusion hyperspectrale multi-r\u00e9solution pour caract\u00e9riser les fonds Coralliens, <\/strong>Bajjouk Touria<strong> PDF<\/strong><\/p>\n<p><strong>Suivi photogramm\u00e9trique d&#8217;essais d&#8217;\u00e9rosion destructifs sur digue \u00e0 l&#8217;\u00e9chelle 1, <\/strong>Pierre Carreaud<strong> PDF<\/strong><\/p>\n<p><strong>Tests statistiques pour la classification non supervis\u00e9e d&#8217;acquisitions hyperspectrales cod\u00e9es, <\/strong>Trung-Tin DINH<strong> PDF<\/strong><\/p>\n<p><strong>The Asal-Ghoubbet rift in Republic of Djibouti: a playground for comparative planetary remote sensing, <\/strong>Sylvain Dout\u00e9<strong> PDF<\/strong><\/p>\n<p><strong>The CHIME Observation Performance Simulator (OPSI) Software System: development and status at Test Readiness Review, <\/strong>Nicolas Lamquin<strong> PDF<\/strong><\/p>\n<p><strong>The Hyper-Cam Nano a next generation LWIR hyperspectral imaging system, <\/strong>St\u00e9phane Boubanga Tombet<strong> PDF<\/strong><\/p>\n<p><strong>Toward a Femtosecond Laser Written Photonic Integrated Circuit for Hyperspectral Imaging, <\/strong>S\u00e9bastien BOURDEL<strong> PDF<\/strong><\/p>\n<p><strong>Trajectoire environnementale \u00e0 travers le prisme crois\u00e9 de la G\u00e9oarch\u00e9ologie et de l&#8217;imagerie : l&#8217;exemple des processus d&#8217;\u00e9rosion au sein du bassin versant de la Commerce, (Seine-Maritime), <\/strong>Manon Charpenay<strong> PDF<\/strong><\/p>\n<p><strong>Apport de la dimension temporelle pour la reconstruction de fonds d&#8217;images hyperspectrales en pr\u00e9sence de panaches d&#8217;a\u00e9rosols, <\/strong>Armand Veau<strong> PDF<\/strong><\/p>\n<p><strong>D\u00e9tection et caract\u00e9risation de la pollution par les plastiques sur la surface continentale, <\/strong>Florian Cavernes<strong> PDF<\/strong><\/p>\n<p><strong>EDAPHOS &#8211; Utilisation de l&#8217;imagerie hyperspectrale pour la caract\u00e9risation et le suivi de sols contamin\u00e9s phytostabilis\u00e9s en Europe, <\/strong>Solofoniaina Andriamihajason<strong> PDF <\/strong><\/p>\n<p><strong>L&#8217;imagerie hyperspectrale pour comprendre le pass\u00e9 : application en s\u00e9dimentologie et en arch\u00e9ologie pari\u00e9tale, <\/strong>K\u00e9vin Jacq<strong> PDF<\/strong><\/p>\n<p><strong>D\u00e9ploiement \u00e0 large \u00e9chelle d&#8217;imageurs spectraux miniatures de terrain pour le suivi du couvert v\u00e9g\u00e9tal et des rivi\u00e8res dans TERRA FORMA, <\/strong>Silv\u00e8re Gousset<strong> PDF <\/strong><\/p>\n<p><strong>Photogramm\u00e9trie subaquatique en rivi\u00e8re pour l&#8217;\u00e9tude et la compr\u00e9hension des habitats, <\/strong>Guillaume Forget<strong> PDF<\/strong><\/p>\n","protected":false},"excerpt":{"rendered":"<p>Jeudi 30 mai 2024 09:30 &#8211; 10:00\u00a0\u00a0 \u00a0Accueil &#8211; Caf\u00e9 Session 1 : Institutionnels-Exposants (10:00-11:50) 10:00 &#8211; 10:30\u00a0\u00a0\u00a0 Pr\u00e9sentations institutionnelles10:30 &#8211; 10:40\u00a0\u00a0 \u00a0Exposants : IRISPACE\u00a0\u00a0 \u00a0\u00a0\u00a0 \u00a010:40 &#8211; 10:50\u00a0\u00a0 \u00a0Exposants : PRO-LITE\u00a0\u00a0 \u00a0\u00a0\u00a0 \u00a010:50 &#8211; 11:00\u00a0\u00a0 \u00a0Exposants : HYTECH\u00a0\u00a0 \u00a0\u00a0\u00a0 \u00a011:00 &#8211; 11:10\u00a0\u00a0 \u00a0Exposants : BONSAI\u00a0\u00a0 \u00a0\u00a0\u00a0 \u00a011:10 &#8211; 11:20\u00a0\u00a0 \u00a0Exposants : PHOTOINNOV\u00a0\u00a0 \u00a0\u00a0\u00a0 \u00a011:20 &hellip; <\/p>\n<p class=\"link-more\"><a href=\"https:\/\/www.sfpt.fr\/hyperspectral\/?page_id=2177\" class=\"more-link\">Continuer la lecture<span class=\"screen-reader-text\"> de &laquo;&nbsp;Rennes 2024: Programme et Pr\u00e9sentations&nbsp;&raquo;<\/span><\/a><\/p>\n","protected":false},"author":1,"featured_media":0,"parent":0,"menu_order":0,"comment_status":"closed","ping_status":"closed","template":"","meta":{"_s2mail":"yes","footnotes":""},"class_list":["post-2177","page","type-page","status-publish","hentry"],"_links":{"self":[{"href":"https:\/\/www.sfpt.fr\/hyperspectral\/index.php?rest_route=\/wp\/v2\/pages\/2177","targetHints":{"allow":["GET"]}}],"collection":[{"href":"https:\/\/www.sfpt.fr\/hyperspectral\/index.php?rest_route=\/wp\/v2\/pages"}],"about":[{"href":"https:\/\/www.sfpt.fr\/hyperspectral\/index.php?rest_route=\/wp\/v2\/types\/page"}],"author":[{"embeddable":true,"href":"https:\/\/www.sfpt.fr\/hyperspectral\/index.php?rest_route=\/wp\/v2\/users\/1"}],"replies":[{"embeddable":true,"href":"https:\/\/www.sfpt.fr\/hyperspectral\/index.php?rest_route=%2Fwp%2Fv2%2Fcomments&post=2177"}],"version-history":[{"count":2,"href":"https:\/\/www.sfpt.fr\/hyperspectral\/index.php?rest_route=\/wp\/v2\/pages\/2177\/revisions"}],"predecessor-version":[{"id":2204,"href":"https:\/\/www.sfpt.fr\/hyperspectral\/index.php?rest_route=\/wp\/v2\/pages\/2177\/revisions\/2204"}],"wp:attachment":[{"href":"https:\/\/www.sfpt.fr\/hyperspectral\/index.php?rest_route=%2Fwp%2Fv2%2Fmedia&parent=2177"}],"curies":[{"name":"wp","href":"https:\/\/api.w.org\/{rel}","templated":true}]}}